{"id":3027,"date":"2018-10-21T05:52:15","date_gmt":"2018-10-20T22:59:01","guid":{"rendered":"https:\/\/www.emoi-france.fr\/?post_type=product&#038;p=3027\/"},"modified":"2023-06-03T22:21:29","modified_gmt":"2023-06-03T15:21:29","slug":"sac-reflexion","status":"publish","type":"product","link":"https:\/\/www.emoi-france.fr\/fr\/produit\/sac-reflexion\/","title":{"rendered":"REFLEXION"},"content":{"rendered":"<p><span title=\"Edited\">C&rsquo;est l&rsquo;heure de la f\u00eate!! Haillons-nous, sortons et passons un moment de d\u00e9tente avec nos amis et nos proches. <\/span><\/p>\n<p><span title=\"Edited\">Cette pochette soir\u00e9e de Solene M conviendrait parfaitement \u00e0 votre tenue.<br \/>\nC&rsquo;est un petit sac mais il attire imm\u00e9diatement l&rsquo;attention de la foule. Recycl\u00e9 \u00e0 partir de capsules de cannette, il est absolument tr\u00e8s \u00e9l\u00e9gant et unique.<\/span><\/p>\n<p><span title=\"Edited\">Dimension environ 23cm X18cm x 9cm avec anse en m\u00e9tal<\/span><\/p>\n<p><span title=\"Edited\">Deux couleurs au choix: Noir et Gris clair<br \/>\n100% fait main par nos <span id=\"result_box\" class=\"short_text\" lang=\"fr\"><span class=\"\">artisans talentueux<\/span><\/span> au vietnam.<br \/>\nLorsque vous achetez nos accessoires \u00e9cologiques et \u00e9thiques, vous aidez aussi nos artisans \u00e0 am\u00e9liorer leur vie.<br \/>\nMerci pour votre soutien!<\/span><\/p>\n","protected":false},"excerpt":{"rendered":"<p><span title=\"Edited\">Sac soir\u00e9e REFLECTION Solene M, <\/span><\/p>\n<p><span title=\"Edited\">Recycl\u00e9 \u00e0 partir de capsules de cannette, il est absolument tr\u00e8s \u00e9l\u00e9gant et unique.<\/span><\/p>\n<p><span title=\"Edited\">Dimension environ 23cm X18cm x 9cm avec l&rsquo;anse en m\u00e9tal<\/span><\/p>\n<p><span title=\"Edited\">Deux couleurs au choix: Noir et Gris clair<br \/>\n100% fait main par nos <span id=\"result_box\" class=\"short_text\" lang=\"fr\"><span class=\"\">artisans talentueux<\/span><\/span> au vietnam.<\/p>\n<p><\/span><\/p>\n","protected":false},"featured_media":3016,"comment_status":"closed","ping_status":"closed","template":"","meta":[],"product_cat":[314],"product_tag":[],"yoast_head":"<!-- This site is optimized with the Yoast SEO plugin v24.5 - https:\/\/yoast.com\/wordpress\/plugins\/seo\/ -->\n<title>REFLEXION - E-Moi<\/title>\n<meta name=\"robots\" content=\"index, follow, max-snippet:-1, max-image-preview:large, max-video-preview:-1\" \/>\n<link rel=\"canonical\" href=\"https:\/\/www.emoi-france.fr\/fr\/produit\/sac-reflexion\/\" \/>\n<meta property=\"og:locale\" content=\"fr_FR\" \/>\n<meta property=\"og:type\" content=\"article\" \/>\n<meta property=\"og:title\" content=\"REFLEXION - E-Moi\" \/>\n<meta property=\"og:description\" content=\"Sac soir\u00e9e REFLECTION Solene M,   Recycl\u00e9 \u00e0 partir de capsules de cannette, il est absolument tr\u00e8s \u00e9l\u00e9gant et unique.  Dimension environ 23cm X18cm x 9cm avec l&#039;anse en m\u00e9tal  Deux couleurs au choix: Noir et Gris clair 100% fait main par nos artisans talentueux au vietnam.\" \/>\n<meta property=\"og:url\" content=\"https:\/\/www.emoi-france.fr\/fr\/produit\/sac-reflexion\/\" \/>\n<meta property=\"og:site_name\" content=\"E-Moi\" \/>\n<meta property=\"article:modified_time\" content=\"2023-06-03T15:21:29+00:00\" \/>\n<meta property=\"og:image\" content=\"https:\/\/www.emoi-france.fr\/wp-content\/uploads\/2018\/10\/Solene_M_recycled_poptabs_evening_clutch.jpg\" \/>\n\t<meta property=\"og:image:width\" content=\"3280\" \/>\n\t<meta property=\"og:image:height\" content=\"2429\" \/>\n\t<meta property=\"og:image:type\" content=\"image\/jpeg\" \/>\n<meta name=\"twitter:card\" content=\"summary_large_image\" \/>\n<meta name=\"twitter:label1\" content=\"Dur\u00e9e de lecture estim\u00e9e\" \/>\n\t<meta name=\"twitter:data1\" content=\"1 minute\" \/>\n<script type=\"application\/ld+json\" class=\"yoast-schema-graph\">{\"@context\":\"https:\/\/schema.org\",\"@graph\":[{\"@type\":\"WebPage\",\"@id\":\"https:\/\/www.emoi-france.fr\/fr\/produit\/sac-reflexion\/\",\"url\":\"https:\/\/www.emoi-france.fr\/fr\/produit\/sac-reflexion\/\",\"name\":\"REFLEXION - E-Moi\",\"isPartOf\":{\"@id\":\"https:\/\/www.emoi-france.fr\/#website\"},\"primaryImageOfPage\":{\"@id\":\"https:\/\/www.emoi-france.fr\/fr\/produit\/sac-reflexion\/#primaryimage\"},\"image\":{\"@id\":\"https:\/\/www.emoi-france.fr\/fr\/produit\/sac-reflexion\/#primaryimage\"},\"thumbnailUrl\":\"https:\/\/www.emoi-france.fr\/wp-content\/uploads\/2018\/10\/Solene_M_recycled_poptabs_evening_clutch.jpg\",\"datePublished\":\"2018-10-20T22:59:01+00:00\",\"dateModified\":\"2023-06-03T15:21:29+00:00\",\"breadcrumb\":{\"@id\":\"https:\/\/www.emoi-france.fr\/fr\/produit\/sac-reflexion\/#breadcrumb\"},\"inLanguage\":\"fr-FR\",\"potentialAction\":[{\"@type\":\"ReadAction\",\"target\":[\"https:\/\/www.emoi-france.fr\/fr\/produit\/sac-reflexion\/\"]}]},{\"@type\":\"ImageObject\",\"inLanguage\":\"fr-FR\",\"@id\":\"https:\/\/www.emoi-france.fr\/fr\/produit\/sac-reflexion\/#primaryimage\",\"url\":\"https:\/\/www.emoi-france.fr\/wp-content\/uploads\/2018\/10\/Solene_M_recycled_poptabs_evening_clutch.jpg\",\"contentUrl\":\"https:\/\/www.emoi-france.fr\/wp-content\/uploads\/2018\/10\/Solene_M_recycled_poptabs_evening_clutch.jpg\",\"width\":3280,\"height\":2429},{\"@type\":\"BreadcrumbList\",\"@id\":\"https:\/\/www.emoi-france.fr\/fr\/produit\/sac-reflexion\/#breadcrumb\",\"itemListElement\":[{\"@type\":\"ListItem\",\"position\":1,\"name\":\"Home\",\"item\":\"https:\/\/www.emoi-france.fr\/fr\/\"},{\"@type\":\"ListItem\",\"position\":2,\"name\":\"Boutique en ligne\",\"item\":\"https:\/\/www.emoi-france.fr\/fr\/boutique\/\"},{\"@type\":\"ListItem\",\"position\":3,\"name\":\"REFLEXION\"}]},{\"@type\":\"WebSite\",\"@id\":\"https:\/\/www.emoi-france.fr\/#website\",\"url\":\"https:\/\/www.emoi-france.fr\/\",\"name\":\"E-Moi\",\"description\":\"\",\"potentialAction\":[{\"@type\":\"SearchAction\",\"target\":{\"@type\":\"EntryPoint\",\"urlTemplate\":\"https:\/\/www.emoi-france.fr\/?s={search_term_string}\"},\"query-input\":{\"@type\":\"PropertyValueSpecification\",\"valueRequired\":true,\"valueName\":\"search_term_string\"}}],\"inLanguage\":\"fr-FR\"}]}<\/script>\n<!-- \/ Yoast SEO plugin. -->","yoast_head_json":{"title":"REFLEXION - E-Moi","robots":{"index":"index","follow":"follow","max-snippet":"max-snippet:-1","max-image-preview":"max-image-preview:large","max-video-preview":"max-video-preview:-1"},"canonical":"https:\/\/www.emoi-france.fr\/fr\/produit\/sac-reflexion\/","og_locale":"fr_FR","og_type":"article","og_title":"REFLEXION - E-Moi","og_description":"Sac soir\u00e9e REFLECTION Solene M,   Recycl\u00e9 \u00e0 partir de capsules de cannette, il est absolument tr\u00e8s \u00e9l\u00e9gant et unique.  Dimension environ 23cm X18cm x 9cm avec l'anse en m\u00e9tal  Deux couleurs au choix: Noir et Gris clair 100% fait main par nos artisans talentueux au vietnam.","og_url":"https:\/\/www.emoi-france.fr\/fr\/produit\/sac-reflexion\/","og_site_name":"E-Moi","article_modified_time":"2023-06-03T15:21:29+00:00","og_image":[{"width":3280,"height":2429,"url":"https:\/\/www.emoi-france.fr\/wp-content\/uploads\/2018\/10\/Solene_M_recycled_poptabs_evening_clutch.jpg","type":"image\/jpeg"}],"twitter_card":"summary_large_image","twitter_misc":{"Dur\u00e9e de lecture estim\u00e9e":"1 minute"},"schema":{"@context":"https:\/\/schema.org","@graph":[{"@type":"WebPage","@id":"https:\/\/www.emoi-france.fr\/fr\/produit\/sac-reflexion\/","url":"https:\/\/www.emoi-france.fr\/fr\/produit\/sac-reflexion\/","name":"REFLEXION - E-Moi","isPartOf":{"@id":"https:\/\/www.emoi-france.fr\/#website"},"primaryImageOfPage":{"@id":"https:\/\/www.emoi-france.fr\/fr\/produit\/sac-reflexion\/#primaryimage"},"image":{"@id":"https:\/\/www.emoi-france.fr\/fr\/produit\/sac-reflexion\/#primaryimage"},"thumbnailUrl":"https:\/\/www.emoi-france.fr\/wp-content\/uploads\/2018\/10\/Solene_M_recycled_poptabs_evening_clutch.jpg","datePublished":"2018-10-20T22:59:01+00:00","dateModified":"2023-06-03T15:21:29+00:00","breadcrumb":{"@id":"https:\/\/www.emoi-france.fr\/fr\/produit\/sac-reflexion\/#breadcrumb"},"inLanguage":"fr-FR","potentialAction":[{"@type":"ReadAction","target":["https:\/\/www.emoi-france.fr\/fr\/produit\/sac-reflexion\/"]}]},{"@type":"ImageObject","inLanguage":"fr-FR","@id":"https:\/\/www.emoi-france.fr\/fr\/produit\/sac-reflexion\/#primaryimage","url":"https:\/\/www.emoi-france.fr\/wp-content\/uploads\/2018\/10\/Solene_M_recycled_poptabs_evening_clutch.jpg","contentUrl":"https:\/\/www.emoi-france.fr\/wp-content\/uploads\/2018\/10\/Solene_M_recycled_poptabs_evening_clutch.jpg","width":3280,"height":2429},{"@type":"BreadcrumbList","@id":"https:\/\/www.emoi-france.fr\/fr\/produit\/sac-reflexion\/#breadcrumb","itemListElement":[{"@type":"ListItem","position":1,"name":"Home","item":"https:\/\/www.emoi-france.fr\/fr\/"},{"@type":"ListItem","position":2,"name":"Boutique en ligne","item":"https:\/\/www.emoi-france.fr\/fr\/boutique\/"},{"@type":"ListItem","position":3,"name":"REFLEXION"}]},{"@type":"WebSite","@id":"https:\/\/www.emoi-france.fr\/#website","url":"https:\/\/www.emoi-france.fr\/","name":"E-Moi","description":"","potentialAction":[{"@type":"SearchAction","target":{"@type":"EntryPoint","urlTemplate":"https:\/\/www.emoi-france.fr\/?s={search_term_string}"},"query-input":{"@type":"PropertyValueSpecification","valueRequired":true,"valueName":"search_term_string"}}],"inLanguage":"fr-FR"}]}},"_links":{"self":[{"href":"https:\/\/www.emoi-france.fr\/fr\/wp-json\/wp\/v2\/product\/3027"}],"collection":[{"href":"https:\/\/www.emoi-france.fr\/fr\/wp-json\/wp\/v2\/product"}],"about":[{"href":"https:\/\/www.emoi-france.fr\/fr\/wp-json\/wp\/v2\/types\/product"}],"replies":[{"embeddable":true,"href":"https:\/\/www.emoi-france.fr\/fr\/wp-json\/wp\/v2\/comments?post=3027"}],"wp:featuredmedia":[{"embeddable":true,"href":"https:\/\/www.emoi-france.fr\/fr\/wp-json\/wp\/v2\/media\/3016"}],"wp:attachment":[{"href":"https:\/\/www.emoi-france.fr\/fr\/wp-json\/wp\/v2\/media?parent=3027"}],"wp:term":[{"taxonomy":"product_cat","embeddable":true,"href":"https:\/\/www.emoi-france.fr\/fr\/wp-json\/wp\/v2\/product_cat?post=3027"},{"taxonomy":"product_tag","embeddable":true,"href":"https:\/\/www.emoi-france.fr\/fr\/wp-json\/wp\/v2\/product_tag?post=3027"}],"curies":[{"name":"wp","href":"https:\/\/api.w.org\/{rel}","templated":true}]}}